{"id":7,"date":"2019-10-10T13:20:12","date_gmt":"2019-10-10T11:20:12","guid":{"rendered":"http:\/\/www.pulseberlin.de\/?page_id=7"},"modified":"2020-02-19T12:07:14","modified_gmt":"2020-02-19T10:07:14","slug":"beratung","status":"publish","type":"page","link":"https:\/\/www.staffelt.de\/?page_id=7","title":{"rendered":"BERATEN UND BR\u00dcCKEN BAUEN"},"content":{"rendered":"<p><span style=\"font-size: 18px; font-weight: 200; color: #fff; text-transform: uppercase; background-color: #00bbbb; padding: 5px 10px; letter-spacing: 0.1em; line-height: 40px;\">&#8222;Wer aufh\u00f6rt besser zu werden,<\/span><br \/>\n<span style=\"font-size: 18px; font-weight: 200; color: #fff; text-transform: uppercase; background-color: #00bbbb; padding: 5px 10px; letter-spacing: 0.1em; line-height: 40px;\">hat aufgeh\u00f6rt, gut zu sein.&#8220;<\/span><\/p>\n<h6>Philip Rosenthal<\/h6>\n<hr \/>\n<p>Politische und gesellschaftliche Ver\u00e4nderungen auf nationaler und internationaler Ebene stellen Sie als handelnde Akteure in Unternehmen und Verb\u00e4nde vor immer neue Herausforderungen.<\/p>\n<p><img loading=\"lazy\" class=\"alignleft size-full wp-image-297\" src=\"http:\/\/www.staffelt.de\/wp-content\/uploads\/illu_beratung.gif\" alt=\"illu_beratung\" width=\"356\" height=\"184\" \/><\/p>\n<p>Wir unterst\u00fctzen Sie bei der Entwicklung zukunftsf\u00e4higer Strategien und Handlungsfelder f\u00fcr Ihre Organisation.<\/p>\n<p>In Politik, Wirtschaft und Medien k\u00f6nnen wir dabei helfen, Ihrem Anliegen Geh\u00f6r zu verschaffen oder Sie dabei unterst\u00fctzen, wichtige politische Entwicklungen fr\u00fchzeitig zu erkennen.<\/p>\n<p>Sollten Sie Interesse an unserem Angebot haben, freuen wir uns \u00fcber Ihre Nachricht.<\/p>\n<p><a href=\"http:\/\/www.staffelt.de\/kontakt\/\">info@staffelt.de<\/a><\/p>\n","protected":false},"excerpt":{"rendered":"<p>&#8222;Wer aufh\u00f6rt besser zu werden, hat aufgeh\u00f6rt, gut zu sein.&#8220; Philip Rosenthal Politische und gesellschaftliche Ver\u00e4nderungen auf nationaler und internationaler Ebene stellen Sie als handelnde Akteure in Unternehmen und Verb\u00e4nde vor immer neue Herausforderungen. Wir unterst\u00fctzen Sie bei der Entwicklung zukunftsf\u00e4higer Strategien und Handlungsfelder f\u00fcr Ihre Organisation. In Politik, Wirtschaft&#8230;<\/p>\n<p> <a class=\"continue-reading-link\" href=\"https:\/\/www.staffelt.de\/?page_id=7\"><span>Continue reading<\/span><i class=\"crycon-right-dir\"><\/i><\/a> <\/p>\n","protected":false},"author":1,"featured_media":0,"parent":0,"menu_order":0,"comment_status":"closed","ping_status":"closed","template":"","meta":[],"_links":{"self":[{"href":"https:\/\/www.staffelt.de\/index.php?rest_route=\/wp\/v2\/pages\/7"}],"collection":[{"href":"https:\/\/www.staffelt.de\/index.php?rest_route=\/wp\/v2\/pages"}],"about":[{"href":"https:\/\/www.staffelt.de\/index.php?rest_route=\/wp\/v2\/types\/page"}],"author":[{"embeddable":true,"href":"https:\/\/www.staffelt.de\/index.php?rest_route=\/wp\/v2\/users\/1"}],"replies":[{"embeddable":true,"href":"https:\/\/www.staffelt.de\/index.php?rest_route=%2Fwp%2Fv2%2Fcomments&post=7"}],"version-history":[{"count":17,"href":"https:\/\/www.staffelt.de\/index.php?rest_route=\/wp\/v2\/pages\/7\/revisions"}],"predecessor-version":[{"id":631,"href":"https:\/\/www.staffelt.de\/index.php?rest_route=\/wp\/v2\/pages\/7\/revisions\/631"}],"wp:attachment":[{"href":"https:\/\/www.staffelt.de\/index.php?rest_route=%2Fwp%2Fv2%2Fmedia&parent=7"}],"curies":[{"name":"wp","href":"https:\/\/api.w.org\/{rel}","templated":true}]}}